{"id":108,"date":"2017-02-17T19:03:08","date_gmt":"2017-02-17T19:03:08","guid":{"rendered":"http:\/\/generalesdv.uprrp.edu\/ciencias-fisicas\/?page_id=108"},"modified":"2017-02-17T19:43:19","modified_gmt":"2017-02-17T19:43:19","slug":"vision-mision-y-metas","status":"publish","type":"page","link":"https:\/\/generales.uprrp.edu\/ciencias-fisicas\/vision-mision-y-metas\/","title":{"rendered":"Visi\u00f3n, misi\u00f3n y metas"},"content":{"rendered":"<div align=\"justify\"><span style=\"font-family: Trebuchet MS;font-size: normal\"><strong>Visi\u00f3n<\/strong><\/span><\/div>\n<div align=\"justify\"><span style=\"font-family: Trebuchet MS;font-size: normal\"><em>\u201cHacer ciencia con conciencia\u201d<\/em><\/span><\/div>\n<div align=\"justify\"><span style=\"font-family: Trebuchet MS;font-size: normal\">Una comunidad cient\u00edfica, creativa e investigativa reconocida internacionalmente; que hace ciencia con conciencia social, con el firme prop\u00f3sito de forjar ciudadanos integrales: cr\u00edticos, cient\u00edfica y tecnol\u00f3gicamente cultos, y social y \u00e9ticamente comprometidos.<\/span><\/div>\n<div align=\"justify\">\n<p><span style=\"font-family: Trebuchet MS;font-size: normal\"><strong>Misi\u00f3n<\/strong><\/span><\/p>\n<p><span style=\"font-family: Trebuchet MS;font-size: normal\">La comunidad acad\u00e9mica de estudiantes, profesores y otro personal del Departamento de Ciencias F\u00edsicas de la Facultad de Estudios Generales, constituida como divisi\u00f3n acad\u00e9mica y administrativa, tiene como misi\u00f3n:<\/span><\/p>\n<p><span style=\"font-family: Trebuchet MS;font-size: normal\">Abordar sus propios objetos de estudio (analizados mediante conceptos, metodolog\u00edas y posiciones epistemol\u00f3gicas) en actitud dial\u00f3gica, creativa, investigativa, integradora, cr\u00edtica, colaboradora y socialmente comprometida.<\/span><\/p>\n<p><span style=\"font-family: Trebuchet MS;font-size: normal\">Ofrecer un curr\u00edculo variado, que incluya tanto cursos requisitos de graduaci\u00f3n como electivos, as\u00ed como otras experiencias educativas, que contribuyan a la formaci\u00f3n integral del estudiante, en relaci\u00f3n con objetos de estudio pertenecientes al campo de las Ciencias F\u00edsicas (F\u00edsica, Qu\u00edmica, Astronom\u00eda, Ciencias Terrestres y del Espacio, Ciencias Atmosf\u00e9ricas y Ciencias Oceanogr\u00e1ficas) y al de las tecnolog\u00edas f\u00edsicas, incluyendo el estudio del dise\u00f1o y la funci\u00f3n de las computadoras y su uso instrumental.<\/span><\/p>\n<p><span style=\"font-family: Trebuchet MS;font-size: normal\">Realizar y promover investigaci\u00f3n centrada en tres l\u00edneas principales: investigaci\u00f3n en disciplinas de las Ciencias F\u00edsicas, con \u00e9nfasis en las que se consideran prioritarias para el desarrollo cient\u00edfico y tecnol\u00f3gico de Puerto Rico; investigaci\u00f3n educativa en Ciencias F\u00edsicas y tecnolog\u00edas f\u00edsicas, incluyendo la de desarrollo curricular y de tecnolog\u00eda educativa, as\u00ed como la incorporaci\u00f3n de sus productos t\u00e9cnicos a los procesos educativos; e investigaci\u00f3n multi, inter y transdisciplinaria en \u00e1reas como: historia, filosof\u00eda y sociolog\u00eda del conocimiento cient\u00edfico y ciencias ambientales.<\/span><\/p>\n<p><span style=\"font-family: Trebuchet MS;font-size: normal\">Promover la divulgaci\u00f3n del conocimiento cient\u00edfico mediante actividades espec\u00edficas cuyo prop\u00f3sito es elevar el nivel cient\u00edfico tecnol\u00f3gico de la poblaci\u00f3n en general, as\u00ed como cerrar la brecha entre el quehacer de la comunidad cient\u00edfica y el p\u00fablico.<\/span><\/p>\n<p><span style=\"font-family: Trebuchet MS;font-size: normal\"><strong>Metas<\/strong><\/span><\/p>\n<ol>\n<li>Contribuir a la formaci\u00f3n integral del estudiante.<\/li>\n<li>Propiciar en los estudiantes la investigaci\u00f3n y la creaci\u00f3n como parte integral del quehacer acad\u00e9mico.<\/li>\n<li>Dotar al Departamento de un personal docente productivo y competitivo.<\/li>\n<li>Fomentar el desarrollo curricular y la evaluaci\u00f3n de actividades acad\u00e9micas.<\/li>\n<li>Fomentar el intercambio y la colaboraci\u00f3n con instituciones acad\u00e9micas y profesionales con miras al desarrollo de una proyecci\u00f3n nacional e internacional.<\/li>\n<li>Integrar la tecnolog\u00eda a la investigaci\u00f3n y creaci\u00f3n, a los procesos administrativos y a la docencia.<\/li>\n<li>Fortalecer v\u00ednculos con la comunidad<\/li>\n<\/ol>\n<p>&nbsp;<\/p>\n<\/div>\n","protected":false},"excerpt":{"rendered":"<p>Visi\u00f3n \u201cHacer ciencia con conciencia\u201d Una comunidad cient\u00edfica, creativa e investigativa reconocida internacionalmente; que hace ciencia con conciencia social, con el firme prop\u00f3sito de forjar ciudadanos integrales: cr\u00edticos, cient\u00edfica y &hellip; <\/p>\n","protected":false},"author":11,"featured_media":0,"parent":0,"menu_order":0,"comment_status":"closed","ping_status":"closed","template":"","meta":{"footnotes":""},"class_list":["post-108","page","type-page","status-publish","hentry"],"_links":{"self":[{"href":"https:\/\/generales.uprrp.edu\/ciencias-fisicas\/wp-json\/wp\/v2\/pages\/108","targetHints":{"allow":["GET"]}}],"collection":[{"href":"https:\/\/generales.uprrp.edu\/ciencias-fisicas\/wp-json\/wp\/v2\/pages"}],"about":[{"href":"https:\/\/generales.uprrp.edu\/ciencias-fisicas\/wp-json\/wp\/v2\/types\/page"}],"author":[{"embeddable":true,"href":"https:\/\/generales.uprrp.edu\/ciencias-fisicas\/wp-json\/wp\/v2\/users\/11"}],"replies":[{"embeddable":true,"href":"https:\/\/generales.uprrp.edu\/ciencias-fisicas\/wp-json\/wp\/v2\/comments?post=108"}],"version-history":[{"count":12,"href":"https:\/\/generales.uprrp.edu\/ciencias-fisicas\/wp-json\/wp\/v2\/pages\/108\/revisions"}],"predecessor-version":[{"id":147,"href":"https:\/\/generales.uprrp.edu\/ciencias-fisicas\/wp-json\/wp\/v2\/pages\/108\/revisions\/147"}],"wp:attachment":[{"href":"https:\/\/generales.uprrp.edu\/ciencias-fisicas\/wp-json\/wp\/v2\/media?parent=108"}],"curies":[{"name":"wp","href":"https:\/\/api.w.org\/{rel}","templated":true}]}}